{"id":49957,"date":"2016-07-05T11:17:49","date_gmt":"2016-07-05T09:17:49","guid":{"rendered":"https:\/\/www.voyages-d-affaires.com\/wp-content\/uploads\/2016\/07\/crete_289.jpg"},"modified":"2016-07-06T14:03:54","modified_gmt":"2016-07-06T12:03:54","slug":"crete-rethymnon-ancient-mosque","status":"inherit","type":"attachment","link":"https:\/\/www.voyages-d-affaires.com\/en\/crete-rethymnon-ancient-mosque","title":{"rendered":"La Cr\u00e8tte, Rethymnon, former mosque"},"author":1,"featured_media":0,"comment_status":"closed","ping_status":"closed","template":"","meta":{"_acf_changed":false},"class_list":["post-49957","attachment","type-attachment","status-inherit","hentry"],"acf":[],"yoast_head":"<!-- This site is optimized with the Yoast SEO Premium plugin v25.9 (Yoast SEO v25.9) - https:\/\/yoast.com\/wordpress\/plugins\/seo\/ -->\n<title>La Cr\u00e8tte, Rethymnon, ancienne mosqu\u00e9e<\/title>\n<meta name=\"robots\" content=\"index, follow, max-snippet:-1, max-image-preview:large, max-video-preview:-1\" \/>\n<link rel=\"canonical\" href=\"https:\/\/www.voyages-d-affaires.com\/wp-content\/uploads\/2016\/07\/crete_289.jpg\" \/>\n<meta property=\"og:locale\" content=\"en_GB\" \/>\n<meta property=\"og:type\" content=\"article\" \/>\n<meta property=\"og:title\" content=\"La Cr\u00e8tte, Rethymnon, ancienne mosqu\u00e9e\" \/>\n<meta property=\"og:description\" content=\"T\u00e9moignages de la domination ottomane, des minarets ponctuent l\u2019horizon de R\u00e9thymnon. Conversion d\u2019une \u00e9glise v\u00e9nitienne du XVe si\u00e8cle, la mosqu\u00e9e Narantz\u00e8s raconte \u00e0 sa fa\u00e7on les occupations qui se sont succ\u00e9d\u00e9 sur l\u2019\u00eele.\" \/>\n<meta property=\"og:url\" content=\"https:\/\/www.voyages-d-affaires.com\/wp-content\/uploads\/2016\/07\/crete_289.jpg\" \/>\n<meta property=\"og:site_name\" content=\"Voyages d&#039;affaires\" \/>\n<meta property=\"article:modified_time\" content=\"2016-07-06T12:03:54+00:00\" \/>\n<meta property=\"og:image\" content=\"https:\/\/www.voyages-d-affaires.com\/wp-content\/uploads\/2016\/07\/crete_289.jpg\" \/>\n\t<meta property=\"og:image:width\" content=\"700\" \/>\n\t<meta property=\"og:image:height\" content=\"467\" \/>\n\t<meta property=\"og:image:type\" content=\"image\/jpeg\" \/>\n<meta name=\"twitter:card\" content=\"summary_large_image\" \/>\n<script type=\"application\/ld+json\" class=\"yoast-schema-graph\">{\"@context\":\"https:\/\/schema.org\",\"@graph\":[{\"@type\":\"WebPage\",\"@id\":\"https:\/\/www.voyages-d-affaires.com\/wp-content\/uploads\/2016\/07\/crete_289.jpg\",\"url\":\"https:\/\/www.voyages-d-affaires.com\/wp-content\/uploads\/2016\/07\/crete_289.jpg\",\"name\":\"La Cr\u00e8tte, Rethymnon, ancienne mosqu\u00e9e\",\"isPartOf\":{\"@id\":\"https:\/\/www.voyages-d-affaires.com\/#website\"},\"datePublished\":\"2016-07-05T09:17:49+00:00\",\"dateModified\":\"2016-07-06T12:03:54+00:00\",\"breadcrumb\":{\"@id\":\"https:\/\/www.voyages-d-affaires.com\/wp-content\/uploads\/2016\/07\/crete_289.jpg#breadcrumb\"},\"inLanguage\":\"en-GB\",\"potentialAction\":[{\"@type\":\"ReadAction\",\"target\":[\"https:\/\/www.voyages-d-affaires.com\/wp-content\/uploads\/2016\/07\/crete_289.jpg\"]}]},{\"@type\":\"BreadcrumbList\",\"@id\":\"https:\/\/www.voyages-d-affaires.com\/wp-content\/uploads\/2016\/07\/crete_289.jpg#breadcrumb\",\"itemListElement\":[{\"@type\":\"ListItem\",\"position\":1,\"name\":\"Accueil\",\"item\":\"https:\/\/www.voyages-d-affaires.com\/\"},{\"@type\":\"ListItem\",\"position\":2,\"name\":\"La Cr\u00e8tte, Rethymnon, ancienne mosqu\u00e9e\"}]},{\"@type\":\"WebSite\",\"@id\":\"https:\/\/www.voyages-d-affaires.com\/#website\",\"url\":\"https:\/\/www.voyages-d-affaires.com\/\",\"name\":\"Voyages d&#039;affaires\",\"description\":\"media fran\u00e7ais du Voyage d&#039;Affaires &amp; du MICE\",\"potentialAction\":[{\"@type\":\"SearchAction\",\"target\":{\"@type\":\"EntryPoint\",\"urlTemplate\":\"https:\/\/www.voyages-d-affaires.com\/?s={search_term_string}\"},\"query-input\":{\"@type\":\"PropertyValueSpecification\",\"valueRequired\":true,\"valueName\":\"search_term_string\"}}],\"inLanguage\":\"en-GB\"}]}<\/script>\n<!-- \/ Yoast SEO Premium plugin. -->","yoast_head_json":{"title":"La Cr\u00e8tte, Rethymnon, former mosque","robots":{"index":"index","follow":"follow","max-snippet":"max-snippet:-1","max-image-preview":"max-image-preview:large","max-video-preview":"max-video-preview:-1"},"canonical":"https:\/\/www.voyages-d-affaires.com\/wp-content\/uploads\/2016\/07\/crete_289.jpg","og_locale":"en_GB","og_type":"article","og_title":"La Cr\u00e8tte, Rethymnon, ancienne mosqu\u00e9e","og_description":"T\u00e9moignages de la domination ottomane, des minarets ponctuent l\u2019horizon de R\u00e9thymnon. Conversion d\u2019une \u00e9glise v\u00e9nitienne du XVe si\u00e8cle, la mosqu\u00e9e Narantz\u00e8s raconte \u00e0 sa fa\u00e7on les occupations qui se sont succ\u00e9d\u00e9 sur l\u2019\u00eele.","og_url":"https:\/\/www.voyages-d-affaires.com\/wp-content\/uploads\/2016\/07\/crete_289.jpg","og_site_name":"Voyages d&#039;affaires","article_modified_time":"2016-07-06T12:03:54+00:00","og_image":[{"width":700,"height":467,"url":"https:\/\/www.voyages-d-affaires.com\/wp-content\/uploads\/2016\/07\/crete_289.jpg","type":"image\/jpeg"}],"twitter_card":"summary_large_image","schema":{"@context":"https:\/\/schema.org","@graph":[{"@type":"WebPage","@id":"https:\/\/www.voyages-d-affaires.com\/wp-content\/uploads\/2016\/07\/crete_289.jpg","url":"https:\/\/www.voyages-d-affaires.com\/wp-content\/uploads\/2016\/07\/crete_289.jpg","name":"La Cr\u00e8tte, Rethymnon, former mosque","isPartOf":{"@id":"https:\/\/www.voyages-d-affaires.com\/#website"},"datePublished":"2016-07-05T09:17:49+00:00","dateModified":"2016-07-06T12:03:54+00:00","breadcrumb":{"@id":"https:\/\/www.voyages-d-affaires.com\/wp-content\/uploads\/2016\/07\/crete_289.jpg#breadcrumb"},"inLanguage":"en-GB","potentialAction":[{"@type":"ReadAction","target":["https:\/\/www.voyages-d-affaires.com\/wp-content\/uploads\/2016\/07\/crete_289.jpg"]}]},{"@type":"BreadcrumbList","@id":"https:\/\/www.voyages-d-affaires.com\/wp-content\/uploads\/2016\/07\/crete_289.jpg#breadcrumb","itemListElement":[{"@type":"ListItem","position":1,"name":"Accueil","item":"https:\/\/www.voyages-d-affaires.com\/"},{"@type":"ListItem","position":2,"name":"La Cr\u00e8tte, Rethymnon, ancienne mosqu\u00e9e"}]},{"@type":"WebSite","@id":"https:\/\/www.voyages-d-affaires.com\/#website","url":"https:\/\/www.voyages-d-affaires.com\/","name":"Business travel","description":"THE FRENCH BUSINESS TRAVEL &amp; MICE MEDIA","potentialAction":[{"@type":"SearchAction","target":{"@type":"EntryPoint","urlTemplate":"https:\/\/www.voyages-d-affaires.com\/?s={search_term_string}"},"query-input":{"@type":"PropertyValueSpecification","valueRequired":true,"valueName":"search_term_string"}}],"inLanguage":"en-GB"}]}},"description":{"rendered":"<p class=\"attachment\"><a href='https:\/\/www.voyages-d-affaires.com\/wp-content\/uploads\/2016\/07\/crete_289.jpg'><img loading=\"lazy\" decoding=\"async\" width=\"300\" height=\"200\" src=\"https:\/\/www.voyages-d-affaires.com\/wp-content\/uploads\/2016\/07\/crete_289-300x200-derived.jpg\" class=\"attachment-medium size-medium\" alt=\"La Cr\u00e8tte, Rethymnon, ancienne mosqu\u00e9e\" srcset=\"https:\/\/www.voyages-d-affaires.com\/wp-content\/uploads\/2016\/07\/crete_289-300x200-derived.jpg 300w, https:\/\/www.voyages-d-affaires.com\/wp-content\/uploads\/2016\/07\/crete_289.jpg 700w\" sizes=\"auto, (max-width: 300px) 100vw, 300px\" \/><\/a><\/p>\n<p>T\u00e9moignages<br \/>\nde la domination<br \/>\nottomane, des<br \/>\nminarets ponctuent<br \/>\nl\u2019horizon de R\u00e9thymnon.<br \/>\nConversion d\u2019une<br \/>\n\u00e9glise v\u00e9nitienne<br \/>\ndu XVe si\u00e8cle, la<br \/>\nmosqu\u00e9e Narantz\u00e8s<br \/>\nraconte \u00e0 sa fa\u00e7on les<br \/>\noccupations qui se<br \/>\nsont succ\u00e9d\u00e9 sur l\u2019\u00eele.<\/p>\n"},"caption":{"rendered":"<p>T\u00e9moignages<br \/>\nde la domination<br \/>\nottomane, des<br \/>\nminarets ponctuent<br \/>\nl\u2019horizon de R\u00e9thymnon.<br \/>\nConversion d\u2019une<br \/>\n\u00e9glise v\u00e9nitienne<br \/>\ndu XVe si\u00e8cle, la<br \/>\nmosqu\u00e9e Narantz\u00e8s<br \/>\nraconte \u00e0 sa fa\u00e7on les<br \/>\noccupations qui se<br \/>\nsont succ\u00e9d\u00e9 sur l\u2019\u00eele.<\/p>\n"},"alt_text":"La Cr\u00e8tte, Rethymnon, ancienne mosqu\u00e9e","media_type":"image","mime_type":"image\/jpeg","media_details":{"width":700,"height":467,"file":"2016\/07\/crete_289.jpg","sizes":{"thumbnail":{"file":"crete_289-150x150-derived.jpg","width":150,"height":150,"mime_type":"image\/jpeg","source_url":"https:\/\/www.voyages-d-affaires.com\/wp-content\/uploads\/2016\/07\/crete_289-150x150-derived.jpg"},"medium":{"file":"crete_289-300x200-derived.jpg","width":300,"height":200,"mime_type":"image\/jpeg","source_url":"https:\/\/www.voyages-d-affaires.com\/wp-content\/uploads\/2016\/07\/crete_289-300x200-derived.jpg"},"td_80x60":{"file":"crete_289-80x60-derived.jpg","width":80,"height":60,"mime_type":"image\/jpeg","source_url":"https:\/\/www.voyages-d-affaires.com\/wp-content\/uploads\/2016\/07\/crete_289-80x60-derived.jpg"},"td_100x70":{"file":"crete_289-100x70-derived.jpg","width":100,"height":70,"mime_type":"image\/jpeg","source_url":"https:\/\/www.voyages-d-affaires.com\/wp-content\/uploads\/2016\/07\/crete_289-100x70-derived.jpg"},"td_218x150":{"file":"crete_289-218x150-derived.jpg","width":218,"height":150,"mime_type":"image\/jpeg","source_url":"https:\/\/www.voyages-d-affaires.com\/wp-content\/uploads\/2016\/07\/crete_289-218x150-derived.jpg"},"td_265x198":{"file":"crete_289-265x198-derived.jpg","width":265,"height":198,"mime_type":"image\/jpeg","source_url":"https:\/\/www.voyages-d-affaires.com\/wp-content\/uploads\/2016\/07\/crete_289-265x198-derived.jpg"},"td_324x160":{"file":"crete_289-324x160-derived.jpg","width":324,"height":160,"mime_type":"image\/jpeg","source_url":"https:\/\/www.voyages-d-affaires.com\/wp-content\/uploads\/2016\/07\/crete_289-324x160-derived.jpg"},"td_324x235":{"file":"crete_289-324x235-derived.jpg","width":324,"height":235,"mime_type":"image\/jpeg","source_url":"https:\/\/www.voyages-d-affaires.com\/wp-content\/uploads\/2016\/07\/crete_289-324x235-derived.jpg"},"td_534x462":{"file":"crete_289-534x462-derived.jpg","width":534,"height":462,"mime_type":"image\/jpeg","source_url":"https:\/\/www.voyages-d-affaires.com\/wp-content\/uploads\/2016\/07\/crete_289-534x462-derived.jpg"},"full":{"file":"crete_289.jpg","width":700,"height":467,"mime_type":"image\/jpeg","source_url":"https:\/\/www.voyages-d-affaires.com\/wp-content\/uploads\/2016\/07\/crete_289.jpg"}},"image_meta":{"aperture":"0","credit":"","camera":"","caption":"","created_timestamp":"0","copyright":"","focal_length":"0","iso":"0","shutter_speed":"0","title":"","orientation":"0","keywords":[]}},"post":null,"source_url":"https:\/\/www.voyages-d-affaires.com\/wp-content\/uploads\/2016\/07\/crete_289.jpg","_links":{"self":[{"href":"https:\/\/www.voyages-d-affaires.com\/en\/wp-json\/wp\/v2\/media\/49957","targetHints":{"allow":["GET"]}}],"collection":[{"href":"https:\/\/www.voyages-d-affaires.com\/en\/wp-json\/wp\/v2\/media"}],"about":[{"href":"https:\/\/www.voyages-d-affaires.com\/en\/wp-json\/wp\/v2\/types\/attachment"}],"author":[{"embeddable":true,"href":"https:\/\/www.voyages-d-affaires.com\/en\/wp-json\/wp\/v2\/users\/1"}],"replies":[{"embeddable":true,"href":"https:\/\/www.voyages-d-affaires.com\/en\/wp-json\/wp\/v2\/comments?post=49957"}]}}