{"id":49963,"date":"2016-07-05T11:18:42","date_gmt":"2016-07-05T09:18:42","guid":{"rendered":"https:\/\/www.voyages-d-affaires.com\/wp-content\/uploads\/2016\/07\/crete_388.jpg"},"modified":"2016-07-06T13:43:12","modified_gmt":"2016-07-06T11:43:12","slug":"crete-akrotiri-peninsula-dagia-triada-monastery","status":"inherit","type":"attachment","link":"https:\/\/www.voyages-d-affaires.com\/en\/crete-akrotiri-peninsula-dagia-triada-monastery","title":{"rendered":"Crete, Akrotiri peninsula, Agia triada monastery"},"author":1,"featured_media":0,"comment_status":"closed","ping_status":"closed","template":"","meta":{"_acf_changed":false},"class_list":["post-49963","attachment","type-attachment","status-inherit","hentry"],"acf":[],"yoast_head":"<!-- This site is optimized with the Yoast SEO Premium plugin v25.9 (Yoast SEO v25.9) - https:\/\/yoast.com\/wordpress\/plugins\/seo\/ -->\n<title>La Cr\u00e8te, presqu&#039;\u00eele d&#039; Akrotiri, monast\u00e8re d&#039;Agia triada<\/title>\n<meta name=\"robots\" content=\"index, follow, max-snippet:-1, max-image-preview:large, max-video-preview:-1\" \/>\n<link rel=\"canonical\" href=\"https:\/\/www.voyages-d-affaires.com\/wp-content\/uploads\/2016\/07\/crete_388.jpg\" \/>\n<meta property=\"og:locale\" content=\"en_GB\" \/>\n<meta property=\"og:type\" content=\"article\" \/>\n<meta property=\"og:title\" content=\"La Cr\u00e8te, presqu&#039;\u00eele d&#039; Akrotiri, monast\u00e8re d&#039;Agia triada\" \/>\n<meta property=\"og:description\" content=\"Ceci n\u2019est pas un boutique h\u00f4tel perdu dans la campagne cr\u00e9toise. Malheureusement d\u2019ailleurs, car il donne envie d\u2019y r\u00e9sider, ce monast\u00e8re d\u2019Agia Triada camp\u00e9 au milieu de la presqu\u2019\u00eele d\u2019Akrotiri, tant il est joliment fleuri, d\u00e9licieusement agenc\u00e9 par des moines au go\u00fbt tr\u00e8s s\u00fbr. Des popes qui ont aussi du savoir-vivre puisqu\u2019ils produisent une huile comptant parmi les meilleures de l\u2019\u00eele.\" \/>\n<meta property=\"og:url\" content=\"https:\/\/www.voyages-d-affaires.com\/wp-content\/uploads\/2016\/07\/crete_388.jpg\" \/>\n<meta property=\"og:site_name\" content=\"Voyages d&#039;affaires\" \/>\n<meta property=\"article:modified_time\" content=\"2016-07-06T11:43:12+00:00\" \/>\n<meta property=\"og:image\" content=\"https:\/\/www.voyages-d-affaires.com\/wp-content\/uploads\/2016\/07\/crete_388.jpg\" \/>\n\t<meta property=\"og:image:width\" content=\"500\" \/>\n\t<meta property=\"og:image:height\" content=\"749\" \/>\n\t<meta property=\"og:image:type\" content=\"image\/jpeg\" \/>\n<meta name=\"twitter:card\" content=\"summary_large_image\" \/>\n<script type=\"application\/ld+json\" class=\"yoast-schema-graph\">{\"@context\":\"https:\/\/schema.org\",\"@graph\":[{\"@type\":\"WebPage\",\"@id\":\"https:\/\/www.voyages-d-affaires.com\/wp-content\/uploads\/2016\/07\/crete_388.jpg\",\"url\":\"https:\/\/www.voyages-d-affaires.com\/wp-content\/uploads\/2016\/07\/crete_388.jpg\",\"name\":\"La Cr\u00e8te, presqu'\u00eele d' Akrotiri, monast\u00e8re d'Agia triada\",\"isPartOf\":{\"@id\":\"https:\/\/www.voyages-d-affaires.com\/#website\"},\"datePublished\":\"2016-07-05T09:18:42+00:00\",\"dateModified\":\"2016-07-06T11:43:12+00:00\",\"breadcrumb\":{\"@id\":\"https:\/\/www.voyages-d-affaires.com\/wp-content\/uploads\/2016\/07\/crete_388.jpg#breadcrumb\"},\"inLanguage\":\"en-GB\",\"potentialAction\":[{\"@type\":\"ReadAction\",\"target\":[\"https:\/\/www.voyages-d-affaires.com\/wp-content\/uploads\/2016\/07\/crete_388.jpg\"]}]},{\"@type\":\"BreadcrumbList\",\"@id\":\"https:\/\/www.voyages-d-affaires.com\/wp-content\/uploads\/2016\/07\/crete_388.jpg#breadcrumb\",\"itemListElement\":[{\"@type\":\"ListItem\",\"position\":1,\"name\":\"Accueil\",\"item\":\"https:\/\/www.voyages-d-affaires.com\/\"},{\"@type\":\"ListItem\",\"position\":2,\"name\":\"La Cr\u00e8te, presqu&rsquo;\u00eele d&rsquo; Akrotiri, monast\u00e8re d&rsquo;Agia triada\"}]},{\"@type\":\"WebSite\",\"@id\":\"https:\/\/www.voyages-d-affaires.com\/#website\",\"url\":\"https:\/\/www.voyages-d-affaires.com\/\",\"name\":\"Voyages d&#039;affaires\",\"description\":\"media fran\u00e7ais du Voyage d&#039;Affaires &amp; du MICE\",\"potentialAction\":[{\"@type\":\"SearchAction\",\"target\":{\"@type\":\"EntryPoint\",\"urlTemplate\":\"https:\/\/www.voyages-d-affaires.com\/?s={search_term_string}\"},\"query-input\":{\"@type\":\"PropertyValueSpecification\",\"valueRequired\":true,\"valueName\":\"search_term_string\"}}],\"inLanguage\":\"en-GB\"}]}<\/script>\n<!-- \/ Yoast SEO Premium plugin. -->","yoast_head_json":{"title":"Crete, Akrotiri peninsula, Agia triada monastery","robots":{"index":"index","follow":"follow","max-snippet":"max-snippet:-1","max-image-preview":"max-image-preview:large","max-video-preview":"max-video-preview:-1"},"canonical":"https:\/\/www.voyages-d-affaires.com\/wp-content\/uploads\/2016\/07\/crete_388.jpg","og_locale":"en_GB","og_type":"article","og_title":"La Cr\u00e8te, presqu'\u00eele d' Akrotiri, monast\u00e8re d'Agia triada","og_description":"Ceci n\u2019est pas un boutique h\u00f4tel perdu dans la campagne cr\u00e9toise. Malheureusement d\u2019ailleurs, car il donne envie d\u2019y r\u00e9sider, ce monast\u00e8re d\u2019Agia Triada camp\u00e9 au milieu de la presqu\u2019\u00eele d\u2019Akrotiri, tant il est joliment fleuri, d\u00e9licieusement agenc\u00e9 par des moines au go\u00fbt tr\u00e8s s\u00fbr. Des popes qui ont aussi du savoir-vivre puisqu\u2019ils produisent une huile comptant parmi les meilleures de l\u2019\u00eele.","og_url":"https:\/\/www.voyages-d-affaires.com\/wp-content\/uploads\/2016\/07\/crete_388.jpg","og_site_name":"Voyages d&#039;affaires","article_modified_time":"2016-07-06T11:43:12+00:00","og_image":[{"width":500,"height":749,"url":"https:\/\/www.voyages-d-affaires.com\/wp-content\/uploads\/2016\/07\/crete_388.jpg","type":"image\/jpeg"}],"twitter_card":"summary_large_image","schema":{"@context":"https:\/\/schema.org","@graph":[{"@type":"WebPage","@id":"https:\/\/www.voyages-d-affaires.com\/wp-content\/uploads\/2016\/07\/crete_388.jpg","url":"https:\/\/www.voyages-d-affaires.com\/wp-content\/uploads\/2016\/07\/crete_388.jpg","name":"Crete, Akrotiri peninsula, Agia triada monastery","isPartOf":{"@id":"https:\/\/www.voyages-d-affaires.com\/#website"},"datePublished":"2016-07-05T09:18:42+00:00","dateModified":"2016-07-06T11:43:12+00:00","breadcrumb":{"@id":"https:\/\/www.voyages-d-affaires.com\/wp-content\/uploads\/2016\/07\/crete_388.jpg#breadcrumb"},"inLanguage":"en-GB","potentialAction":[{"@type":"ReadAction","target":["https:\/\/www.voyages-d-affaires.com\/wp-content\/uploads\/2016\/07\/crete_388.jpg"]}]},{"@type":"BreadcrumbList","@id":"https:\/\/www.voyages-d-affaires.com\/wp-content\/uploads\/2016\/07\/crete_388.jpg#breadcrumb","itemListElement":[{"@type":"ListItem","position":1,"name":"Accueil","item":"https:\/\/www.voyages-d-affaires.com\/"},{"@type":"ListItem","position":2,"name":"La Cr\u00e8te, presqu&rsquo;\u00eele d&rsquo; Akrotiri, monast\u00e8re d&rsquo;Agia triada"}]},{"@type":"WebSite","@id":"https:\/\/www.voyages-d-affaires.com\/#website","url":"https:\/\/www.voyages-d-affaires.com\/","name":"Business travel","description":"THE FRENCH BUSINESS TRAVEL &amp; MICE MEDIA","potentialAction":[{"@type":"SearchAction","target":{"@type":"EntryPoint","urlTemplate":"https:\/\/www.voyages-d-affaires.com\/?s={search_term_string}"},"query-input":{"@type":"PropertyValueSpecification","valueRequired":true,"valueName":"search_term_string"}}],"inLanguage":"en-GB"}]}},"description":{"rendered":"<p class=\"attachment\"><a href='https:\/\/www.voyages-d-affaires.com\/wp-content\/uploads\/2016\/07\/crete_388.jpg'><img loading=\"lazy\" decoding=\"async\" width=\"200\" height=\"300\" src=\"https:\/\/www.voyages-d-affaires.com\/wp-content\/uploads\/2016\/07\/crete_388-200x300-derived.jpg\" class=\"attachment-medium size-medium\" alt=\"La Cr\u00e8te, presqu&#039;\u00eele d&#039; Akrotiri, monast\u00e8re d&#039;Agia triada\" srcset=\"https:\/\/www.voyages-d-affaires.com\/wp-content\/uploads\/2016\/07\/crete_388-200x300-derived.jpg 200w, https:\/\/www.voyages-d-affaires.com\/wp-content\/uploads\/2016\/07\/crete_388.jpg 500w\" sizes=\"auto, (max-width: 200px) 100vw, 200px\" \/><\/a><\/p>\n<p>Ceci n\u2019est pas un boutique h\u00f4tel perdu dans la campagne cr\u00e9toise. Malheureusement d\u2019ailleurs, car il donne envie d\u2019y r\u00e9sider, ce monast\u00e8re d\u2019Agia Triada camp\u00e9 au<br \/>\nmilieu de la presqu\u2019\u00eele d\u2019Akrotiri, tant il est joliment fleuri, d\u00e9licieusement agenc\u00e9 par des moines au go\u00fbt tr\u00e8s s\u00fbr. Des popes qui ont aussi du savoir-vivre puisqu\u2019ils produisent<br \/>\nune huile comptant parmi les meilleures de l\u2019\u00eele.<\/p>\n"},"caption":{"rendered":"<p>Ceci n\u2019est pas un boutique h\u00f4tel perdu dans la campagne cr\u00e9toise. Malheureusement d\u2019ailleurs, car il donne envie d\u2019y r\u00e9sider, ce monast\u00e8re d\u2019Agia Triada camp\u00e9 au<br \/>\nmilieu de la presqu\u2019\u00eele d\u2019Akrotiri, tant il est joliment fleuri, d\u00e9licieusement agenc\u00e9 par des moines au go\u00fbt tr\u00e8s s\u00fbr. Des popes qui ont aussi du savoir-vivre puisqu\u2019ils produisent<br \/>\nune huile comptant parmi les meilleures de l\u2019\u00eele.<\/p>\n"},"alt_text":"La Cr\u00e8te, presqu'\u00eele d' Akrotiri, monast\u00e8re d'Agia triada","media_type":"image","mime_type":"image\/jpeg","media_details":{"width":500,"height":749,"file":"2016\/07\/crete_388.jpg","sizes":{"thumbnail":{"file":"crete_388-150x150-derived.jpg","width":150,"height":150,"mime_type":"image\/jpeg","source_url":"https:\/\/www.voyages-d-affaires.com\/wp-content\/uploads\/2016\/07\/crete_388-150x150-derived.jpg"},"medium":{"file":"crete_388-200x300-derived.jpg","width":200,"height":300,"mime_type":"image\/jpeg","source_url":"https:\/\/www.voyages-d-affaires.com\/wp-content\/uploads\/2016\/07\/crete_388-200x300-derived.jpg"},"td_80x60":{"file":"crete_388-80x60-derived.jpg","width":80,"height":60,"mime_type":"image\/jpeg","source_url":"https:\/\/www.voyages-d-affaires.com\/wp-content\/uploads\/2016\/07\/crete_388-80x60-derived.jpg"},"td_100x70":{"file":"crete_388-100x70-derived.jpg","width":100,"height":70,"mime_type":"image\/jpeg","source_url":"https:\/\/www.voyages-d-affaires.com\/wp-content\/uploads\/2016\/07\/crete_388-100x70-derived.jpg"},"td_218x150":{"file":"crete_388-218x150-derived.jpg","width":218,"height":150,"mime_type":"image\/jpeg","source_url":"https:\/\/www.voyages-d-affaires.com\/wp-content\/uploads\/2016\/07\/crete_388-218x150-derived.jpg"},"td_265x198":{"file":"crete_388-265x198-derived.jpg","width":265,"height":198,"mime_type":"image\/jpeg","source_url":"https:\/\/www.voyages-d-affaires.com\/wp-content\/uploads\/2016\/07\/crete_388-265x198-derived.jpg"},"td_324x160":{"file":"crete_388-324x160-derived.jpg","width":324,"height":160,"mime_type":"image\/jpeg","source_url":"https:\/\/www.voyages-d-affaires.com\/wp-content\/uploads\/2016\/07\/crete_388-324x160-derived.jpg"},"td_324x235":{"file":"crete_388-324x235-derived.jpg","width":324,"height":235,"mime_type":"image\/jpeg","source_url":"https:\/\/www.voyages-d-affaires.com\/wp-content\/uploads\/2016\/07\/crete_388-324x235-derived.jpg"},"td_534x462":{"file":"crete_388-500x462-derived.jpg","width":500,"height":462,"mime_type":"image\/jpeg","source_url":"https:\/\/www.voyages-d-affaires.com\/wp-content\/uploads\/2016\/07\/crete_388-500x462-derived.jpg"},"full":{"file":"crete_388.jpg","width":500,"height":749,"mime_type":"image\/jpeg","source_url":"https:\/\/www.voyages-d-affaires.com\/wp-content\/uploads\/2016\/07\/crete_388.jpg"}},"image_meta":{"aperture":"0","credit":"","camera":"","caption":"","created_timestamp":"0","copyright":"","focal_length":"0","iso":"0","shutter_speed":"0","title":"","orientation":"0","keywords":[]}},"post":null,"source_url":"https:\/\/www.voyages-d-affaires.com\/wp-content\/uploads\/2016\/07\/crete_388.jpg","_links":{"self":[{"href":"https:\/\/www.voyages-d-affaires.com\/en\/wp-json\/wp\/v2\/media\/49963","targetHints":{"allow":["GET"]}}],"collection":[{"href":"https:\/\/www.voyages-d-affaires.com\/en\/wp-json\/wp\/v2\/media"}],"about":[{"href":"https:\/\/www.voyages-d-affaires.com\/en\/wp-json\/wp\/v2\/types\/attachment"}],"author":[{"embeddable":true,"href":"https:\/\/www.voyages-d-affaires.com\/en\/wp-json\/wp\/v2\/users\/1"}],"replies":[{"embeddable":true,"href":"https:\/\/www.voyages-d-affaires.com\/en\/wp-json\/wp\/v2\/comments?post=49963"}]}}